{"id":7019,"date":"2017-08-16T17:09:03","date_gmt":"2017-08-16T15:09:03","guid":{"rendered":"https:\/\/www.wendlandsinfonieorchester.de\/?page_id=7019"},"modified":"2025-03-13T21:04:57","modified_gmt":"2025-03-13T20:04:57","slug":"konzertkritiken-2","status":"publish","type":"page","link":"https:\/\/www.wendlandsinfonieorchester.de\/?page_id=7019","title":{"rendered":"Konzertkritiken"},"content":{"rendered":"<p><strong>Allgemeine Zeitung der L\u00fcneburger Heide\/ Uelzen Januar 2025<\/strong><br \/>\n<a href=\"wp-content\/uploads\/2025\/03\/AZ-Januar_25_BB.png\">&#8222;Zu schwierig f\u00fcr Benny Goodman!&#8220; &#8211; Musiker des Wendland-Sinfonieorchesters zeigen beim Neujahrskonzert, was sie k\u00f6nnen<\/a><\/p>\n<p><strong>Allgemeine Zeitung der L\u00fcneburger Heide\/ Uelzen Januar 2024<\/strong><br \/>\n<a href=\"wp-content\/uploads\/2025\/03\/AZ_Januar_24_BB.jpg\">Gro\u00dfe Emotionen beim Neujahrskonzert &#8211; Publikum erlebt mit dem Wendland-Sinfonieorchester im Bevenser Kurhaus ein Wechselbad der Gef\u00fchle<\/a><\/p>\n<p><strong>Allgemeine Zeitung der L\u00fcneburger Heide\/ Uelzen Januar 2023<\/strong><br \/>\n<a href=\"wp-content\/uploads\/2025\/03\/AZ_Januar_23_BB.jpg\">Das geht ins Blut &#8211; Bravo-Rufe f\u00fcr das Neujahrskonzert des Wendland-Sinfonieorchesters<\/a><\/p>\n<p><strong>Allgemeine Zeitung der L\u00fcneburger Heide\/ Uelzen Juni 2022<\/strong><br \/>\n<a href=\"wp-content\/uploads\/2025\/03\/AZ_Pfingsten_22_BB.jpg\">Mit Lust am Musizieren &#8211; Pfingstkonzert des Wendland-Sinfonieorchesters im Bevenser Kurhaus<\/a><\/p>\n<p><strong>Allgemeine Zeitung der L\u00fcneburger Heide\/ Uelzen Januar 2022<\/strong><br \/>\n<a href=\"wp-content\/uploads\/2025\/03\/AZ_Januar_22_BB.jpg\">Donnernder Applaus f\u00fcr gelungenen Abend &#8211; Wendland-Sinfonieorchester gegeistert Publikum im Kurhaus mit seinem Neujahrskonzert<\/a><\/p>\n<p><strong>2018 Wittingen &#8211; Konzertkritik von Horst Michalzik <\/strong><br \/>\n<a href=\"https:\/\/www.az-online.de\/isenhagener-land\/wittingen\/stuermischer-beifall-stuermischem-abend-9501176.html\" target=\"_blank\" rel=\"noopener noreferrer\">St\u00fcrmischer Beifall an st\u00fcrmischem Abend. Wendland Sinfonie Orchester zeigt unter Dirigat von Friedrich Praetorius \u00fcberzeugende Leistung in Wittingen.<\/a><\/p>\n<p>Das Orchester besitzt eine Sammlung von \u00fcber 50 Kritiken in Form von Zeitungsausschnitten, die bis ins Jahr 1995 zur\u00fcckreicht, hier aber aus urheberrechtlichen Gr\u00fcnden nicht ver\u00f6ffentlicht werden darf. Auf Anfrage stellen wir diese Sammlung gerne zur Verf\u00fcgung.<\/p>\n","protected":false},"excerpt":{"rendered":"<p>Allgemeine Zeitung der L\u00fcneburger Heide\/ Uelzen Januar 2025 &#8222;Zu schwierig f\u00fcr Benny Goodman!&#8220; &#8211; Musiker des Wendland-Sinfonieorchesters zeigen beim Neujahrskonzert, was sie k\u00f6nnen Allgemeine Zeitung der L\u00fcneburger Heide\/ Uelzen Januar 2024 Gro\u00dfe Emotionen beim Neujahrskonzert &#8211; Publikum erlebt mit dem <a class=\"more-link\" href=\"https:\/\/www.wendlandsinfonieorchester.de\/?page_id=7019\">weiterlesen&#8230;<\/a><\/p>\n","protected":false},"author":27,"featured_media":0,"parent":1492,"menu_order":0,"comment_status":"closed","ping_status":"closed","template":"","meta":{"footnotes":""},"class_list":["post-7019","page","type-page","status-publish","hentry"],"_links":{"self":[{"href":"https:\/\/www.wendlandsinfonieorchester.de\/index.php?rest_route=\/wp\/v2\/pages\/7019","targetHints":{"allow":["GET"]}}],"collection":[{"href":"https:\/\/www.wendlandsinfonieorchester.de\/index.php?rest_route=\/wp\/v2\/pages"}],"about":[{"href":"https:\/\/www.wendlandsinfonieorchester.de\/index.php?rest_route=\/wp\/v2\/types\/page"}],"author":[{"embeddable":true,"href":"https:\/\/www.wendlandsinfonieorchester.de\/index.php?rest_route=\/wp\/v2\/users\/27"}],"replies":[{"embeddable":true,"href":"https:\/\/www.wendlandsinfonieorchester.de\/index.php?rest_route=%2Fwp%2Fv2%2Fcomments&post=7019"}],"version-history":[{"count":4,"href":"https:\/\/www.wendlandsinfonieorchester.de\/index.php?rest_route=\/wp\/v2\/pages\/7019\/revisions"}],"predecessor-version":[{"id":10565,"href":"https:\/\/www.wendlandsinfonieorchester.de\/index.php?rest_route=\/wp\/v2\/pages\/7019\/revisions\/10565"}],"up":[{"embeddable":true,"href":"https:\/\/www.wendlandsinfonieorchester.de\/index.php?rest_route=\/wp\/v2\/pages\/1492"}],"wp:attachment":[{"href":"https:\/\/www.wendlandsinfonieorchester.de\/index.php?rest_route=%2Fwp%2Fv2%2Fmedia&parent=7019"}],"curies":[{"name":"wp","href":"https:\/\/api.w.org\/{rel}","templated":true}]}}